{"id":5370,"date":"2019-02-21T15:59:34","date_gmt":"2019-02-21T14:59:34","guid":{"rendered":"https:\/\/www.asv1.de\/?page_id=5370"},"modified":"2019-03-22T12:00:02","modified_gmt":"2019-03-22T11:00:02","slug":"suche-es","status":"publish","type":"page","link":"https:\/\/as-automotive.eu\/es\/suche-es\/","title":{"rendered":"Suche &#8211; ES"},"content":{"rendered":"<div class=\"wpb-content-wrapper\"><p>[vc_row margin_top=\u00bb50&#8243; margin_bottom=\u00bb100&#8243;][vc_column][vc_column_text css=\u00bb.vc_custom_1540557614222{margin-bottom: 50px !important;}\u00bb]<\/p>\n<h2><span class=\"red-text\">ASV1<\/span> Suche<\/h2>\n<p>[\/vc_column_text][\/vc_column][\/vc_row][vc_row margin_top=\u00bb50&#8243; margin_bottom=\u00bb100&#8243; css=\u00bb.vc_custom_1540558838095{margin-bottom: 100px !important;}\u00bb el_class=\u00bbsearchpdn\u00bb][vc_column]<style type=\"text\/css\" data-type=\"the7_shortcodes-inline-css\">.blog-shortcode.blog-masonry-shortcode-id-aa12b24429c7edd517d7f164a51266e8.dividers-on.classic-layout-list article {\n  padding-top: 0;\n}\n.blog-shortcode.blog-masonry-shortcode-id-aa12b24429c7edd517d7f164a51266e8.dividers-on.classic-layout-list article:first-of-type {\n  margin-top: 0;\n  padding-top: 0;\n}\n.blog-shortcode.blog-masonry-shortcode-id-aa12b24429c7edd517d7f164a51266e8.classic-layout-list.mode-list .post-entry-content {\n  width: calc(100% - );\n}\n.blog-shortcode.blog-masonry-shortcode-id-aa12b24429c7edd517d7f164a51266e8.classic-layout-list.mode-list .no-img .post-entry-content {\n  width: 100%;\n}\n.blog-shortcode.blog-masonry-shortcode-id-aa12b24429c7edd517d7f164a51266e8 .filter-bg-decoration .filter-categories a.act {\n  color: #fff;\n}\n.blog-shortcode.blog-masonry-shortcode-id-aa12b24429c7edd517d7f164a51266e8:not(.mode-masonry) article:first-of-type,\n.blog-shortcode.blog-masonry-shortcode-id-aa12b24429c7edd517d7f164a51266e8:not(.mode-masonry) article.visible.first:not(.product) {\n  margin-top: 0;\n}\n.blog-shortcode.blog-masonry-shortcode-id-aa12b24429c7edd517d7f164a51266e8.dividers-on:not(.mode-masonry) article {\n  margin-top: 0;\n}\n.blog-shortcode.blog-masonry-shortcode-id-aa12b24429c7edd517d7f164a51266e8.dividers-on:not(.mode-masonry) article:first-of-type,\n.blog-shortcode.blog-masonry-shortcode-id-aa12b24429c7edd517d7f164a51266e8.dividers-on:not(.mode-masonry) article.visible.first:not(.product) {\n  margin-top: 0;\n  padding-top: 0;\n}\n.blog-shortcode.blog-masonry-shortcode-id-aa12b24429c7edd517d7f164a51266e8 .post-thumbnail-wrap {\n  padding: 0px 0px 0px 0px;\n}\n.blog-shortcode.blog-masonry-shortcode-id-aa12b24429c7edd517d7f164a51266e8.enable-bg-rollover .post-thumbnail-rollover:after {\n  background: -webkit-linear-gradient();\n  background: linear-gradient();\n}\n.blog-shortcode.blog-masonry-shortcode-id-aa12b24429c7edd517d7f164a51266e8 .gallery-zoom-ico {\n  width: 44px;\n  height: 44px;\n  line-height: 44px;\n  border-radius: 100px;\n  margin: -22px 0 0 -22px;\n  border-width: 0px;\n  color: #ffffff;\n}\n.bottom-overlap-layout-list.blog-shortcode.blog-masonry-shortcode-id-aa12b24429c7edd517d7f164a51266e8 .gallery-zoom-ico {\n  margin-top: -72px;\n}\n.gradient-overlay-layout-list.blog-shortcode.blog-masonry-shortcode-id-aa12b24429c7edd517d7f164a51266e8 .gallery-zoom-ico,\n.content-rollover-layout-list.blog-shortcode.blog-masonry-shortcode-id-aa12b24429c7edd517d7f164a51266e8 .gallery-zoom-ico {\n  margin: 0 0 10px;\n}\n.content-align-center.gradient-overlay-layout-list.blog-shortcode.blog-masonry-shortcode-id-aa12b24429c7edd517d7f164a51266e8 .gallery-zoom-ico,\n.content-align-center.content-rollover-layout-list.blog-shortcode.blog-masonry-shortcode-id-aa12b24429c7edd517d7f164a51266e8 .gallery-zoom-ico {\n  margin: 0 auto 10px;\n}\n.dt-icon-bg-on.blog-shortcode.blog-masonry-shortcode-id-aa12b24429c7edd517d7f164a51266e8 .gallery-zoom-ico {\n  background: rgba(255,255,255,0.3);\n  box-shadow: none;\n}\n.blog-shortcode.blog-masonry-shortcode-id-aa12b24429c7edd517d7f164a51266e8 .gallery-zoom-ico > span,\n.blog-shortcode.blog-masonry-shortcode-id-aa12b24429c7edd517d7f164a51266e8 .gallery-zoom-ico:before {\n  font-size: 32px;\n  line-height: 44px;\n}\n.blog-shortcode.blog-masonry-shortcode-id-aa12b24429c7edd517d7f164a51266e8 .gallery-zoom-ico > span,\n.blog-shortcode.blog-masonry-shortcode-id-aa12b24429c7edd517d7f164a51266e8 .gallery-zoom-ico:before {\n  color: #ffffff;\n}\n.blog-shortcode.blog-masonry-shortcode-id-aa12b24429c7edd517d7f164a51266e8 .entry-title,\n.blog-shortcode.blog-masonry-shortcode-id-aa12b24429c7edd517d7f164a51266e8.owl-carousel .entry-title {\n  margin-bottom: 5px;\n  font-weight: bold;\n}\n.blog-shortcode.blog-masonry-shortcode-id-aa12b24429c7edd517d7f164a51266e8 .entry-meta {\n  margin-bottom: 15px;\n}\n.blog-shortcode.blog-masonry-shortcode-id-aa12b24429c7edd517d7f164a51266e8 .portfolio-categories {\n  margin-bottom: 15px;\n}\n.blog-shortcode.blog-masonry-shortcode-id-aa12b24429c7edd517d7f164a51266e8 .entry-excerpt {\n  margin-bottom: 5px;\n}\n.blog-shortcode.blog-masonry-shortcode-id-aa12b24429c7edd517d7f164a51266e8:not(.centered-layout-list) .post-entry-content {\n  padding: 25px 30px 30px 30px;\n}\n.blog-shortcode.blog-masonry-shortcode-id-aa12b24429c7edd517d7f164a51266e8:not(.centered-layout-list):not(.content-bg-on):not(.mode-list) .no-img .post-entry-content {\n  padding: 0;\n}\n@media screen and (max-width: ) {\n  .blog-shortcode.blog-masonry-shortcode-id-aa12b24429c7edd517d7f164a51266e8 article {\n    -ms-flex-flow: column nowrap;\n    flex-flow: column nowrap;\n    margin-top: 20px;\n  }\n  .blog-shortcode.blog-masonry-shortcode-id-aa12b24429c7edd517d7f164a51266e8.dividers-on article {\n    border: none;\n  }\n  .blog-shortcode.blog-masonry-shortcode-id-aa12b24429c7edd517d7f164a51266e8.content-bg-on.centered-layout-list article {\n    padding: 0;\n  }\n  .blog-shortcode.blog-masonry-shortcode-id-aa12b24429c7edd517d7f164a51266e8.blog-shortcode.dividers-on article,\n  .blog-shortcode.blog-masonry-shortcode-id-aa12b24429c7edd517d7f164a51266e8.dividers-on.classic-layout-list article {\n    margin-top: 20px;\n    padding: 0;\n  }\n  .blog-shortcode.blog-masonry-shortcode-id-aa12b24429c7edd517d7f164a51266e8.blog-shortcode.dividers-on article:first-of-type,\n  .blog-shortcode.blog-masonry-shortcode-id-aa12b24429c7edd517d7f164a51266e8.dividers-on.classic-layout-list article:first-of-type {\n    padding: 0;\n  }\n  #page .blog-shortcode.blog-masonry-shortcode-id-aa12b24429c7edd517d7f164a51266e8 .post-thumbnail-wrap,\n  #page .blog-shortcode.blog-masonry-shortcode-id-aa12b24429c7edd517d7f164a51266e8 .post-entry-content {\n    width: 100%;\n    margin: 0;\n    top: 0;\n  }\n  #page .blog-shortcode.blog-masonry-shortcode-id-aa12b24429c7edd517d7f164a51266e8 .post-thumbnail-wrap {\n    padding: 0;\n  }\n  #page .blog-shortcode.blog-masonry-shortcode-id-aa12b24429c7edd517d7f164a51266e8 .post-entry-content:after {\n    display: none;\n  }\n  #page .blog-shortcode.blog-masonry-shortcode-id-aa12b24429c7edd517d7f164a51266e8 .project-even .post-thumbnail-wrap,\n  #page .blog-shortcode.blog-masonry-shortcode-id-aa12b24429c7edd517d7f164a51266e8.centered-layout-list .post-thumbnail-wrap {\n    -ms-flex-order: 0;\n    order: 0;\n  }\n  #page .blog-shortcode.blog-masonry-shortcode-id-aa12b24429c7edd517d7f164a51266e8.centered-layout-list .post-entry-title-content {\n    -ms-flex-order: 1;\n    order: 1;\n    width: 100%;\n    padding: 20px 20px 0;\n  }\n  #page .blog-shortcode.blog-masonry-shortcode-id-aa12b24429c7edd517d7f164a51266e8.centered-layout-list .post-entry-content {\n    -ms-flex-order: 2;\n    order: 2;\n    padding-top: 0;\n  }\n  #page .blog-shortcode.blog-masonry-shortcode-id-aa12b24429c7edd517d7f164a51266e8 .fancy-categories {\n    top: 10px;\n    left: 10px;\n    bottom: auto;\n    right: auto;\n  }\n  #page .blog-shortcode.blog-masonry-shortcode-id-aa12b24429c7edd517d7f164a51266e8 .fancy-date a {\n    top: 10px;\n    right: 10px;\n    left: auto;\n    bottom: auto;\n  }\n  #page .blog-shortcode.blog-masonry-shortcode-id-aa12b24429c7edd517d7f164a51266e8 .post-entry-content {\n    padding: 20px;\n  }\n  #page .blog-shortcode.blog-masonry-shortcode-id-aa12b24429c7edd517d7f164a51266e8 .entry-title {\n    margin: 3px 0 5px;\n    font-size: 20px;\n    line-height: 26px;\n  }\n  #page .blog-shortcode.blog-masonry-shortcode-id-aa12b24429c7edd517d7f164a51266e8 .entry-meta {\n    margin: 5px 0 5px;\n  }\n  #page .blog-shortcode.blog-masonry-shortcode-id-aa12b24429c7edd517d7f164a51266e8 .entry-excerpt {\n    margin: 15px 0 0;\n  }\n  #page .blog-shortcode.blog-masonry-shortcode-id-aa12b24429c7edd517d7f164a51266e8 .post-details {\n    margin: 5px 0 10px;\n  }\n  #page .blog-shortcode.blog-masonry-shortcode-id-aa12b24429c7edd517d7f164a51266e8 .post-details.details-type-link {\n    margin-bottom: 2px;\n  }\n}<\/style><div class=\"blog-shortcode blog-masonry-shortcode-id-aa12b24429c7edd517d7f164a51266e8 mode-masonry classic-layout-list content-bg-on jquery-filter scale-img meta-info-off dt-icon-bg-off resize-by-browser-width loading-effect-none description-under-image \" data-padding=\"15px\" data-cur-page=\"1\" data-post-limit=\"-1\" data-pagination-mode=\"none\" data-desktop-columns-num=\"2\" data-v-tablet-columns-num=\"2\" data-h-tablet-columns-num=\"2\" data-phone-columns-num=\"1\" data-width=\"0px\" data-columns=\"0\"><div class=\"iso-container\" ><div class=\"visible wf-cell iso-item\" data-post-id=\"8570\" data-date=\"2025-12-09T19:54:09+01:00\" data-name=\"Los camiones potentes necesitan aceites potentes\"><article class=\"post project-odd visible post-8570 type-post status-publish format-standard has-post-thumbnail hentry category-allgemein-es category-sin-categorizar category-489 category-466\" data-name=\"Los camiones potentes necesitan aceites potentes\" data-date=\"2025-12-09T19:54:09+01:00\">\n\n<div class=\"post-thumbnail-wrap\">\n\t<div class=\"post-thumbnail\">\n\t\t\n\t\t\n\t\t<a href=\"https:\/\/as-automotive.eu\/es\/los-camiones-potentes-necesitan-aceites-potentes\/\" class=\"post-thumbnail-rollover layzr-bg layzr-bg\" ><img fetchpriority=\"high\" decoding=\"async\" class=\"iso-lazy-load preload-me iso-lazy-load aspect\" src=\"data:image\/svg+xml,%3Csvg%20xmlns%3D&#39;http%3A%2F%2Fwww.w3.org%2F2000%2Fsvg&#39;%20viewBox%3D&#39;0%200%20768%20512&#39;%2F%3E\" data-src=\"https:\/\/as-automotive.eu\/wp-content\/uploads\/2018\/11\/asv1-neuigkeiten-blog-768x512.jpg\" data-srcset=\"https:\/\/as-automotive.eu\/wp-content\/uploads\/2018\/11\/asv1-neuigkeiten-blog-768x512.jpg 768w, https:\/\/as-automotive.eu\/wp-content\/uploads\/2018\/11\/asv1-neuigkeiten-blog-1152x768.jpg 1152w\" loading=\"eager\" style=\"--ratio: 768 \/ 512\" sizes=\"(max-width: 768px) 100vw, 768px\" alt=\"\" title=\"asv1-neuigkeiten-blog\" width=\"768\" height=\"512\"  \/><\/a>\t<\/div>\n<\/div>\n\n\n<div class=\"post-entry-content\">\n\n\t<h3 class=\"entry-title\">\n\t\t<a href=\"https:\/\/as-automotive.eu\/es\/los-camiones-potentes-necesitan-aceites-potentes\/\" title=\"Los camiones potentes necesitan aceites potentes\" rel=\"bookmark\">Los camiones potentes necesitan aceites potentes<\/a>\n\t<\/h3>\n\n\t\n\t<div class=\"entry-excerpt\"><p>[vc_row el_class=\u00bbdisplay-none\u00bb][vc_column][vc_column_text css=\u00bb\u00bb]Los motores de camiones trabajan en condiciones extremas: largas distancias, cargas pesadas y cambios de temperatura. Por eso se desarrollaron los aceites para camiones AS Performance para ofrecer estabilidad m\u00e1xima y rendimiento en cada kil\u00f3metro.<\/p>\n<\/div>\n\t\n<a href=\"https:\/\/as-automotive.eu\/es\/los-camiones-potentes-necesitan-aceites-potentes\/\" class=\"post-details details-type-link\" aria-label=\"Read more about Los camiones potentes necesitan aceites potentes\">Mehr lesen<i class=\"dt-icon-the7-arrow-03\" aria-hidden=\"true\"><\/i><\/a>\n\n<\/div><\/article><\/div><div class=\"visible wf-cell iso-item\" data-post-id=\"8220\" data-date=\"2025-10-09T22:46:32+02:00\" data-name=\"Nueva generaci\u00f3n. El mismo ADN.\"><article class=\"post project-odd visible post-8220 type-post status-publish format-standard has-post-thumbnail hentry category-allgemein-es category-sin-categorizar category-489 category-466\" data-name=\"Nueva generaci\u00f3n. El mismo ADN.\" data-date=\"2025-10-09T22:46:32+02:00\">\n\n<div class=\"post-thumbnail-wrap\">\n\t<div class=\"post-thumbnail\">\n\t\t\n\t\t\n\t\t<a href=\"https:\/\/as-automotive.eu\/es\/nueva-generacion-el-mismo-adn\/\" class=\"post-thumbnail-rollover layzr-bg layzr-bg\" ><img fetchpriority=\"high\" decoding=\"async\" class=\"iso-lazy-load preload-me iso-lazy-load aspect\" src=\"data:image\/svg+xml,%3Csvg%20xmlns%3D&#39;http%3A%2F%2Fwww.w3.org%2F2000%2Fsvg&#39;%20viewBox%3D&#39;0%200%20768%20512&#39;%2F%3E\" data-src=\"https:\/\/as-automotive.eu\/wp-content\/uploads\/2018\/11\/asv1-neuigkeiten-blog-768x512.jpg\" data-srcset=\"https:\/\/as-automotive.eu\/wp-content\/uploads\/2018\/11\/asv1-neuigkeiten-blog-768x512.jpg 768w, https:\/\/as-automotive.eu\/wp-content\/uploads\/2018\/11\/asv1-neuigkeiten-blog-1152x768.jpg 1152w\" loading=\"eager\" style=\"--ratio: 768 \/ 512\" sizes=\"(max-width: 768px) 100vw, 768px\" alt=\"\" title=\"asv1-neuigkeiten-blog\" width=\"768\" height=\"512\"  \/><\/a>\t<\/div>\n<\/div>\n\n\n<div class=\"post-entry-content\">\n\n\t<h3 class=\"entry-title\">\n\t\t<a href=\"https:\/\/as-automotive.eu\/es\/nueva-generacion-el-mismo-adn\/\" title=\"Nueva generaci\u00f3n. El mismo ADN.\" rel=\"bookmark\">Nueva generaci\u00f3n. El mismo ADN.<\/a>\n\t<\/h3>\n\n\t\n\t<div class=\"entry-excerpt\"><p>[vc_row el_class=\u00bbdisplay-none\u00bb][vc_column][vc_column_text css=\u00bb\u00bb]AS Performance presenta varios nuevos aceites de motor con un dise\u00f1o moderno, disponibles en diferentes viscosidades y clasificaciones para cada tipo de motor.<\/p>\n<\/div>\n\t\n<a href=\"https:\/\/as-automotive.eu\/es\/nueva-generacion-el-mismo-adn\/\" class=\"post-details details-type-link\" aria-label=\"Read more about Nueva generaci\u00f3n. El mismo ADN.\">Mehr lesen<i class=\"dt-icon-the7-arrow-03\" aria-hidden=\"true\"><\/i><\/a>\n\n<\/div><\/article><\/div><div class=\"visible wf-cell iso-item\" data-post-id=\"8198\" data-date=\"2025-10-09T20:39:23+02:00\" data-name=\"DE LA EVOLUCI\u00d3N A LA REVOLUCI\u00d3N. 2025 UNE DISE\u00d1O Y POTENCIA.\"><article class=\"post project-odd visible post-8198 type-post status-publish format-standard has-post-thumbnail hentry category-allgemein-es category-sin-categorizar category-489 category-466\" data-name=\"DE LA EVOLUCI\u00d3N A LA REVOLUCI\u00d3N. 2025 UNE DISE\u00d1O Y POTENCIA.\" data-date=\"2025-10-09T20:39:23+02:00\">\n\n<div class=\"post-thumbnail-wrap\">\n\t<div class=\"post-thumbnail\">\n\t\t\n\t\t\n\t\t<a href=\"https:\/\/as-automotive.eu\/es\/de-la-evolucion-a-la-revolucion-2025-une-diseno-y-potencia\/\" class=\"post-thumbnail-rollover layzr-bg layzr-bg\" ><img fetchpriority=\"high\" decoding=\"async\" class=\"iso-lazy-load preload-me iso-lazy-load aspect\" src=\"data:image\/svg+xml,%3Csvg%20xmlns%3D&#39;http%3A%2F%2Fwww.w3.org%2F2000%2Fsvg&#39;%20viewBox%3D&#39;0%200%20768%20512&#39;%2F%3E\" data-src=\"https:\/\/as-automotive.eu\/wp-content\/uploads\/2018\/11\/asv1-neuigkeiten-blog-768x512.jpg\" data-srcset=\"https:\/\/as-automotive.eu\/wp-content\/uploads\/2018\/11\/asv1-neuigkeiten-blog-768x512.jpg 768w, https:\/\/as-automotive.eu\/wp-content\/uploads\/2018\/11\/asv1-neuigkeiten-blog-1152x768.jpg 1152w\" loading=\"eager\" style=\"--ratio: 768 \/ 512\" sizes=\"(max-width: 768px) 100vw, 768px\" alt=\"\" title=\"asv1-neuigkeiten-blog\" width=\"768\" height=\"512\"  \/><\/a>\t<\/div>\n<\/div>\n\n\n<div class=\"post-entry-content\">\n\n\t<h3 class=\"entry-title\">\n\t\t<a href=\"https:\/\/as-automotive.eu\/es\/de-la-evolucion-a-la-revolucion-2025-une-diseno-y-potencia\/\" title=\"DE LA EVOLUCI\u00d3N A LA REVOLUCI\u00d3N. 2025 UNE DISE\u00d1O Y POTENCIA.\" rel=\"bookmark\">DE LA EVOLUCI\u00d3N A LA REVOLUCI\u00d3N. 2025 UNE DISE\u00d1O Y POTENCIA.<\/a>\n\t<\/h3>\n\n\t\n\t<div class=\"entry-excerpt\"><p>[vc_row el_class=\u00bbdisplay-none\u00bb][vc_column][vc_column_text css=\u00bb\u00bb]Nuevo aspecto. La misma potencia. AS Performance presenta la nueva imagen de sus aceites premium: bid\u00f3n moderno, etiquetas completamente redise\u00f1adas y nuevo dise\u00f1o.<\/p>\n<\/div>\n\t\n<a href=\"https:\/\/as-automotive.eu\/es\/de-la-evolucion-a-la-revolucion-2025-une-diseno-y-potencia\/\" class=\"post-details details-type-link\" aria-label=\"Read more about DE LA EVOLUCI\u00d3N A LA REVOLUCI\u00d3N. 2025 UNE DISE\u00d1O Y POTENCIA.\">Mehr lesen<i class=\"dt-icon-the7-arrow-03\" aria-hidden=\"true\"><\/i><\/a>\n\n<\/div><\/article><\/div><div class=\"visible wf-cell iso-item\" data-post-id=\"5706\" data-date=\"2018-11-23T15:12:35+01:00\" data-name=\"Nuestro calendario anual de ASV1 2019\"><article class=\"post project-odd visible post-5706 type-post status-publish format-standard has-post-thumbnail hentry category-allgemein-es category-sin-categorizar category-489 category-466\" data-name=\"Nuestro calendario anual de ASV1 2019\" data-date=\"2018-11-23T15:12:35+01:00\">\n\n<div class=\"post-thumbnail-wrap\">\n\t<div class=\"post-thumbnail\">\n\t\t\n\t\t\n\t\t<a href=\"https:\/\/as-automotive.eu\/es\/unser-asv1-jahreskalender-2019-2\/\" class=\"post-thumbnail-rollover layzr-bg layzr-bg\" ><img fetchpriority=\"high\" decoding=\"async\" class=\"iso-lazy-load preload-me iso-lazy-load aspect\" src=\"data:image\/svg+xml,%3Csvg%20xmlns%3D&#39;http%3A%2F%2Fwww.w3.org%2F2000%2Fsvg&#39;%20viewBox%3D&#39;0%200%20768%20512&#39;%2F%3E\" data-src=\"https:\/\/as-automotive.eu\/wp-content\/uploads\/2018\/11\/asv1-neuigkeiten-blog-768x512.jpg\" data-srcset=\"https:\/\/as-automotive.eu\/wp-content\/uploads\/2018\/11\/asv1-neuigkeiten-blog-768x512.jpg 768w, https:\/\/as-automotive.eu\/wp-content\/uploads\/2018\/11\/asv1-neuigkeiten-blog-1152x768.jpg 1152w\" loading=\"eager\" style=\"--ratio: 768 \/ 512\" sizes=\"(max-width: 768px) 100vw, 768px\" alt=\"\" title=\"asv1-neuigkeiten-blog\" width=\"768\" height=\"512\"  \/><\/a>\t<\/div>\n<\/div>\n\n\n<div class=\"post-entry-content\">\n\n\t<h3 class=\"entry-title\">\n\t\t<a href=\"https:\/\/as-automotive.eu\/es\/unser-asv1-jahreskalender-2019-2\/\" title=\"Nuestro calendario anual de ASV1 2019\" rel=\"bookmark\">Nuestro calendario anual de ASV1 2019<\/a>\n\t<\/h3>\n\n\t\n\t<div class=\"entry-excerpt\"><p>[vc_row el_class=\u00bbdisplay-none\u00bb][vc_column][vc_column_text]Ya est\u00e1 aqu\u00ed. El nuevo calendario anual de ASV1 2019. \u00a1Feliz 2019!<\/p>\n<\/div>\n\t\n<a href=\"https:\/\/as-automotive.eu\/es\/unser-asv1-jahreskalender-2019-2\/\" class=\"post-details details-type-link\" aria-label=\"Read more about Nuestro calendario anual de ASV1 2019\">Mehr lesen<i class=\"dt-icon-the7-arrow-03\" aria-hidden=\"true\"><\/i><\/a>\n\n<\/div><\/article><\/div><div class=\"visible wf-cell iso-item\" data-post-id=\"5722\" data-date=\"2018-11-09T16:19:03+01:00\" data-name=\"Bajo cualquier condici\u00f3n meteorol\u00f3gica.\"><article class=\"post project-odd visible post-5722 type-post status-publish format-standard has-post-thumbnail hentry category-allgemein-es category-sin-categorizar category-489 category-466\" data-name=\"Bajo cualquier condici\u00f3n meteorol\u00f3gica.\" data-date=\"2018-11-09T16:19:03+01:00\">\n\n<div class=\"post-thumbnail-wrap\">\n\t<div class=\"post-thumbnail\">\n\t\t\n\t\t\n\t\t<a href=\"https:\/\/as-automotive.eu\/es\/bei-wind-und-wetter\/\" class=\"post-thumbnail-rollover layzr-bg layzr-bg\" ><img fetchpriority=\"high\" decoding=\"async\" class=\"iso-lazy-load preload-me iso-lazy-load aspect\" src=\"data:image\/svg+xml,%3Csvg%20xmlns%3D&#39;http%3A%2F%2Fwww.w3.org%2F2000%2Fsvg&#39;%20viewBox%3D&#39;0%200%20768%20512&#39;%2F%3E\" data-src=\"https:\/\/as-automotive.eu\/wp-content\/uploads\/2018\/11\/asv1-neuigkeiten-blog-768x512.jpg\" data-srcset=\"https:\/\/as-automotive.eu\/wp-content\/uploads\/2018\/11\/asv1-neuigkeiten-blog-768x512.jpg 768w, https:\/\/as-automotive.eu\/wp-content\/uploads\/2018\/11\/asv1-neuigkeiten-blog-1152x768.jpg 1152w\" loading=\"eager\" style=\"--ratio: 768 \/ 512\" sizes=\"(max-width: 768px) 100vw, 768px\" alt=\"\" title=\"asv1-neuigkeiten-blog\" width=\"768\" height=\"512\"  \/><\/a>\t<\/div>\n<\/div>\n\n\n<div class=\"post-entry-content\">\n\n\t<h3 class=\"entry-title\">\n\t\t<a href=\"https:\/\/as-automotive.eu\/es\/bei-wind-und-wetter\/\" title=\"Bajo cualquier condici\u00f3n meteorol\u00f3gica.\" rel=\"bookmark\">Bajo cualquier condici\u00f3n meteorol\u00f3gica.<\/a>\n\t<\/h3>\n\n\t\n\t<div class=\"entry-excerpt\"><p>[vc_row el_class=\u00bbdisplay-none\u00bb][vc_column][vc_column_text]Incluso en Alemania el sol no siempre brilla. El clima fr\u00edo, las heladas, la nieve, el viento, la lluvia y las malas condiciones en la carretera son nuestros compa\u00f1eros permanentes durante el invierno. Con nuestros productos de servicio de ASV1 usted desaf\u00eda a las condiciones clim\u00e1ticas adversas y siempre mantiene la perspectiva.<\/p>\n<\/div>\n\t\n<a href=\"https:\/\/as-automotive.eu\/es\/bei-wind-und-wetter\/\" class=\"post-details details-type-link\" aria-label=\"Read more about Bajo cualquier condici\u00f3n meteorol\u00f3gica.\">Mehr lesen<i class=\"dt-icon-the7-arrow-03\" aria-hidden=\"true\"><\/i><\/a>\n\n<\/div><\/article><\/div><div class=\"visible wf-cell iso-item\" data-post-id=\"5738\" data-date=\"2018-09-20T16:24:46+02:00\" data-name=\"Nuestra nueva bomba manual de pl\u00e1stico\"><article class=\"post project-odd visible post-5738 type-post status-publish format-standard has-post-thumbnail hentry category-sin-categorizar category-466\" data-name=\"Nuestra nueva bomba manual de pl\u00e1stico\" data-date=\"2018-09-20T16:24:46+02:00\">\n\n<div class=\"post-thumbnail-wrap\">\n\t<div class=\"post-thumbnail\">\n\t\t\n\t\t\n\t\t<a href=\"https:\/\/as-automotive.eu\/es\/unsere-neue-kunststoff-handpumpe\/\" class=\"post-thumbnail-rollover layzr-bg layzr-bg\" ><img fetchpriority=\"high\" decoding=\"async\" class=\"iso-lazy-load preload-me iso-lazy-load aspect\" src=\"data:image\/svg+xml,%3Csvg%20xmlns%3D&#39;http%3A%2F%2Fwww.w3.org%2F2000%2Fsvg&#39;%20viewBox%3D&#39;0%200%20768%20512&#39;%2F%3E\" data-src=\"https:\/\/as-automotive.eu\/wp-content\/uploads\/2018\/11\/asv1-neuigkeiten-blog-768x512.jpg\" data-srcset=\"https:\/\/as-automotive.eu\/wp-content\/uploads\/2018\/11\/asv1-neuigkeiten-blog-768x512.jpg 768w, https:\/\/as-automotive.eu\/wp-content\/uploads\/2018\/11\/asv1-neuigkeiten-blog-1152x768.jpg 1152w\" loading=\"eager\" style=\"--ratio: 768 \/ 512\" sizes=\"(max-width: 768px) 100vw, 768px\" alt=\"\" title=\"asv1-neuigkeiten-blog\" width=\"768\" height=\"512\"  \/><\/a>\t<\/div>\n<\/div>\n\n\n<div class=\"post-entry-content\">\n\n\t<h3 class=\"entry-title\">\n\t\t<a href=\"https:\/\/as-automotive.eu\/es\/unsere-neue-kunststoff-handpumpe\/\" title=\"Nuestra nueva bomba manual de pl\u00e1stico\" rel=\"bookmark\">Nuestra nueva bomba manual de pl\u00e1stico<\/a>\n\t<\/h3>\n\n\t\n\t<div class=\"entry-excerpt\"><p>[vc_row el_class=\u00bbdisplay-none\u00bb][vc_column][vc_column_text]Tenemos el placer de presentar nuestra nueva bomba manual de pl\u00e1stico para bidones de 60 L y 205 L. Facilita considerablemente el bombeo de los l\u00edquidos almacenados y tambi\u00e9n hace de la dosificaci\u00f3n un proceso facil\u00edsimo.<\/p>\n<\/div>\n\t\n<a href=\"https:\/\/as-automotive.eu\/es\/unsere-neue-kunststoff-handpumpe\/\" class=\"post-details details-type-link\" aria-label=\"Read more about Nuestra nueva bomba manual de pl\u00e1stico\">Mehr lesen<i class=\"dt-icon-the7-arrow-03\" aria-hidden=\"true\"><\/i><\/a>\n\n<\/div><\/article><\/div><div class=\"visible wf-cell iso-item\" data-post-id=\"5750\" data-date=\"2018-09-11T15:55:43+02:00\" data-name=\"De camino al mundo entero\"><article class=\"post project-odd visible post-5750 type-post status-publish format-standard has-post-thumbnail hentry category-allgemein-es category-sin-categorizar category-489 category-466\" data-name=\"De camino al mundo entero\" data-date=\"2018-09-11T15:55:43+02:00\">\n\n<div class=\"post-thumbnail-wrap\">\n\t<div class=\"post-thumbnail\">\n\t\t\n\t\t\n\t\t<a href=\"https:\/\/as-automotive.eu\/es\/auf-dem-weg-in-die-ganze-welt\/\" class=\"post-thumbnail-rollover layzr-bg layzr-bg\" ><img fetchpriority=\"high\" decoding=\"async\" class=\"iso-lazy-load preload-me iso-lazy-load aspect\" src=\"data:image\/svg+xml,%3Csvg%20xmlns%3D&#39;http%3A%2F%2Fwww.w3.org%2F2000%2Fsvg&#39;%20viewBox%3D&#39;0%200%20768%20512&#39;%2F%3E\" data-src=\"https:\/\/as-automotive.eu\/wp-content\/uploads\/2018\/11\/asv1-neuigkeiten-blog-768x512.jpg\" data-srcset=\"https:\/\/as-automotive.eu\/wp-content\/uploads\/2018\/11\/asv1-neuigkeiten-blog-768x512.jpg 768w, https:\/\/as-automotive.eu\/wp-content\/uploads\/2018\/11\/asv1-neuigkeiten-blog-1152x768.jpg 1152w\" loading=\"eager\" style=\"--ratio: 768 \/ 512\" sizes=\"(max-width: 768px) 100vw, 768px\" alt=\"\" title=\"asv1-neuigkeiten-blog\" width=\"768\" height=\"512\"  \/><\/a>\t<\/div>\n<\/div>\n\n\n<div class=\"post-entry-content\">\n\n\t<h3 class=\"entry-title\">\n\t\t<a href=\"https:\/\/as-automotive.eu\/es\/auf-dem-weg-in-die-ganze-welt\/\" title=\"De camino al mundo entero\" rel=\"bookmark\">De camino al mundo entero<\/a>\n\t<\/h3>\n\n\t\n\t<div class=\"entry-excerpt\"><p>[vc_row el_class=\u00bbdisplay-none\u00bb][vc_column][vc_column_text]Nuestros productos salen de la f\u00e1brica despu\u00e9s de un extenso proceso de prueba, una cuidadosa selecci\u00f3n de los pedidos y una carga segura. De camino al mundo entero.<\/p>\n<\/div>\n\t\n<a href=\"https:\/\/as-automotive.eu\/es\/auf-dem-weg-in-die-ganze-welt\/\" class=\"post-details details-type-link\" aria-label=\"Read more about De camino al mundo entero\">Mehr lesen<i class=\"dt-icon-the7-arrow-03\" aria-hidden=\"true\"><\/i><\/a>\n\n<\/div><\/article><\/div><div class=\"visible wf-cell iso-item\" data-post-id=\"5765\" data-date=\"2018-09-01T15:11:03+02:00\" data-name=\"www.as-automotive.eu\"><article class=\"post project-odd visible post-5765 type-post status-publish format-standard has-post-thumbnail hentry category-allgemein-es category-sin-categorizar category-489 category-466\" data-name=\"www.as-automotive.eu\" data-date=\"2018-09-01T15:11:03+02:00\">\n\n<div class=\"post-thumbnail-wrap\">\n\t<div class=\"post-thumbnail\">\n\t\t\n\t\t\n\t\t<a href=\"https:\/\/as-automotive.eu\/es\/www-asv1-de\/\" class=\"post-thumbnail-rollover layzr-bg layzr-bg\" ><img fetchpriority=\"high\" decoding=\"async\" class=\"iso-lazy-load preload-me iso-lazy-load aspect\" src=\"data:image\/svg+xml,%3Csvg%20xmlns%3D&#39;http%3A%2F%2Fwww.w3.org%2F2000%2Fsvg&#39;%20viewBox%3D&#39;0%200%20768%20512&#39;%2F%3E\" data-src=\"https:\/\/as-automotive.eu\/wp-content\/uploads\/2018\/11\/asv1-neuigkeiten-blog-768x512.jpg\" data-srcset=\"https:\/\/as-automotive.eu\/wp-content\/uploads\/2018\/11\/asv1-neuigkeiten-blog-768x512.jpg 768w, https:\/\/as-automotive.eu\/wp-content\/uploads\/2018\/11\/asv1-neuigkeiten-blog-1152x768.jpg 1152w\" loading=\"eager\" style=\"--ratio: 768 \/ 512\" sizes=\"(max-width: 768px) 100vw, 768px\" alt=\"\" title=\"asv1-neuigkeiten-blog\" width=\"768\" height=\"512\"  \/><\/a>\t<\/div>\n<\/div>\n\n\n<div class=\"post-entry-content\">\n\n\t<h3 class=\"entry-title\">\n\t\t<a href=\"https:\/\/as-automotive.eu\/es\/www-asv1-de\/\" title=\"www.as-automotive.eu\" rel=\"bookmark\">www.as-automotive.eu<\/a>\n\t<\/h3>\n\n\t\n\t<div class=\"entry-excerpt\"><p>[vc_row el_class=\u00bbdisplay-none\u00bb][vc_column][vc_column_text]Aqu\u00ed est\u00e1. La nueva p\u00e1gina web de ASV1. No hay duda: a abril con sus chaparrones, sigue mayo con sus flores, aunque, en este caso particular, hablamos del mes de septiembre.<\/p>\n<\/div>\n\t\n<a href=\"https:\/\/as-automotive.eu\/es\/www-asv1-de\/\" class=\"post-details details-type-link\" aria-label=\"Read more about www.as-automotive.eu\">Mehr lesen<i class=\"dt-icon-the7-arrow-03\" aria-hidden=\"true\"><\/i><\/a>\n\n<\/div><\/article><\/div><div class=\"visible wf-cell iso-item\" data-post-id=\"5778\" data-date=\"2018-08-24T16:31:43+02:00\" data-name=\"Un emocionante d\u00eda de rodaje en la zona de producci\u00f3n.\"><article class=\"post project-odd visible post-5778 type-post status-publish format-standard has-post-thumbnail hentry category-allgemein-es category-sin-categorizar category-489 category-466\" data-name=\"Un emocionante d\u00eda de rodaje en la zona de producci\u00f3n.\" data-date=\"2018-08-24T16:31:43+02:00\">\n\n<div class=\"post-thumbnail-wrap\">\n\t<div class=\"post-thumbnail\">\n\t\t\n\t\t\n\t\t<a href=\"https:\/\/as-automotive.eu\/es\/ein-spannender-drehtag-in-der-produktion\/\" class=\"post-thumbnail-rollover layzr-bg layzr-bg\" ><img fetchpriority=\"high\" decoding=\"async\" class=\"iso-lazy-load preload-me iso-lazy-load aspect\" src=\"data:image\/svg+xml,%3Csvg%20xmlns%3D&#39;http%3A%2F%2Fwww.w3.org%2F2000%2Fsvg&#39;%20viewBox%3D&#39;0%200%20768%20512&#39;%2F%3E\" data-src=\"https:\/\/as-automotive.eu\/wp-content\/uploads\/2018\/11\/asv1-neuigkeiten-blog-768x512.jpg\" data-srcset=\"https:\/\/as-automotive.eu\/wp-content\/uploads\/2018\/11\/asv1-neuigkeiten-blog-768x512.jpg 768w, https:\/\/as-automotive.eu\/wp-content\/uploads\/2018\/11\/asv1-neuigkeiten-blog-1152x768.jpg 1152w\" loading=\"eager\" style=\"--ratio: 768 \/ 512\" sizes=\"(max-width: 768px) 100vw, 768px\" alt=\"\" title=\"asv1-neuigkeiten-blog\" width=\"768\" height=\"512\"  \/><\/a>\t<\/div>\n<\/div>\n\n\n<div class=\"post-entry-content\">\n\n\t<h3 class=\"entry-title\">\n\t\t<a href=\"https:\/\/as-automotive.eu\/es\/ein-spannender-drehtag-in-der-produktion\/\" title=\"Un emocionante d\u00eda de rodaje en la zona de producci\u00f3n.\" rel=\"bookmark\">Un emocionante d\u00eda de rodaje en la zona de producci\u00f3n.<\/a>\n\t<\/h3>\n\n\t\n\t<div class=\"entry-excerpt\"><p>[vc_row el_class=\u00bbdisplay-none\u00bb][vc_column][vc_column_text]\u00bfC\u00f3mo se fabrican los productos de AS Performance? \u00bfC\u00f3mo llega el producto a la botella y el bid\u00f3n? Todo lo hacemos nosotros, con la ayuda de nuestros empleados.<\/p>\n<\/div>\n\t\n<a href=\"https:\/\/as-automotive.eu\/es\/ein-spannender-drehtag-in-der-produktion\/\" class=\"post-details details-type-link\" aria-label=\"Read more about Un emocionante d\u00eda de rodaje en la zona de producci\u00f3n.\">Mehr lesen<i class=\"dt-icon-the7-arrow-03\" aria-hidden=\"true\"><\/i><\/a>\n\n<\/div><\/article><\/div><div class=\"visible wf-cell iso-item\" data-post-id=\"5795\" data-date=\"2018-07-26T15:55:03+02:00\" data-name=\"Unsere neue DOT4 Produktlinie. \u2013 ES\"><article class=\"post project-odd visible post-5795 type-post status-publish format-standard has-post-thumbnail hentry category-allgemein-es category-sin-categorizar category-489 category-466\" data-name=\"Unsere neue DOT4 Produktlinie. \u2013 ES\" data-date=\"2018-07-26T15:55:03+02:00\">\n\n<div class=\"post-thumbnail-wrap\">\n\t<div class=\"post-thumbnail\">\n\t\t\n\t\t\n\t\t<a href=\"https:\/\/as-automotive.eu\/es\/unsere-neue-dot4-produktlinie\/\" class=\"post-thumbnail-rollover layzr-bg layzr-bg\" ><img fetchpriority=\"high\" decoding=\"async\" class=\"iso-lazy-load preload-me iso-lazy-load aspect\" src=\"data:image\/svg+xml,%3Csvg%20xmlns%3D&#39;http%3A%2F%2Fwww.w3.org%2F2000%2Fsvg&#39;%20viewBox%3D&#39;0%200%20768%20512&#39;%2F%3E\" data-src=\"https:\/\/as-automotive.eu\/wp-content\/uploads\/2018\/11\/asv1-neuigkeiten-blog-768x512.jpg\" data-srcset=\"https:\/\/as-automotive.eu\/wp-content\/uploads\/2018\/11\/asv1-neuigkeiten-blog-768x512.jpg 768w, https:\/\/as-automotive.eu\/wp-content\/uploads\/2018\/11\/asv1-neuigkeiten-blog-1152x768.jpg 1152w\" loading=\"eager\" style=\"--ratio: 768 \/ 512\" sizes=\"(max-width: 768px) 100vw, 768px\" alt=\"\" title=\"asv1-neuigkeiten-blog\" width=\"768\" height=\"512\"  \/><\/a>\t<\/div>\n<\/div>\n\n\n<div class=\"post-entry-content\">\n\n\t<h3 class=\"entry-title\">\n\t\t<a href=\"https:\/\/as-automotive.eu\/es\/unsere-neue-dot4-produktlinie\/\" title=\"Unsere neue DOT4 Produktlinie. \u2013 ES\" rel=\"bookmark\">Unsere neue DOT4 Produktlinie. \u2013 ES<\/a>\n\t<\/h3>\n\n\t\n\t<div class=\"entry-excerpt\"><p>[vc_row el_class=\u00bbdisplay-none\u00bb][vc_column][vc_column_text]Die neuen ASV1 Bremsfl\u00fcssigkeiten sind ab sofort auch weltweit erh\u00e4ltlich. Unser Produktsortiment international wird ab sofort durch Bremsfl\u00fcssigkeiten (DOT4) erweitert. DOT4; DOT4LV und DOT4 Plus sind ab sofort auch weltweit in allen Standardgebindegr\u00f6\u00dfen erh\u00e4ltlich und erg\u00e4nzen unser umfangreiches Produktportfolio. Das Bremssystem ist das zentrale Sicherheitssystem in Fahrzeugen. Es sch\u00fctzt Sie als Insassen und auch&hellip;<\/p>\n<\/div>\n\t\n<a href=\"https:\/\/as-automotive.eu\/es\/unsere-neue-dot4-produktlinie\/\" class=\"post-details details-type-link\" aria-label=\"Read more about Unsere neue DOT4 Produktlinie. \u2013 ES\">Mehr lesen<i class=\"dt-icon-the7-arrow-03\" aria-hidden=\"true\"><\/i><\/a>\n\n<\/div><\/article><\/div><\/div><!-- iso-container|iso-grid --><\/div>[\/vc_column][\/vc_row]<\/p>\n<\/div>","protected":false},"excerpt":{"rendered":"<p>[vc_row margin_top=\u00bb50&#8243; margin_bottom=\u00bb100&#8243;][vc_column][vc_column_text css=\u00bb.vc_custom_1540557614222{margin-bottom: 50px !important;}\u00bb] ASV1 Suche [\/vc_column_text][\/vc_column][\/vc_row][vc_row margin_top=\u00bb50&#8243; margin_bottom=\u00bb100&#8243; css=\u00bb.vc_custom_1540558838095{margin-bottom: 100px !important;}\u00bb el_class=\u00bbsearchpdn\u00bb][vc_column][\/vc_column][\/vc_row]<\/p>\n","protected":false},"author":2,"featured_media":0,"parent":0,"menu_order":0,"comment_status":"closed","ping_status":"closed","template":"","meta":{"_acf_changed":false,"footnotes":""},"class_list":["post-5370","page","type-page","status-publish","hentry","description-off"],"acf":[],"_links":{"self":[{"href":"https:\/\/as-automotive.eu\/es\/wp-json\/wp\/v2\/pages\/5370","targetHints":{"allow":["GET"]}}],"collection":[{"href":"https:\/\/as-automotive.eu\/es\/wp-json\/wp\/v2\/pages"}],"about":[{"href":"https:\/\/as-automotive.eu\/es\/wp-json\/wp\/v2\/types\/page"}],"author":[{"embeddable":true,"href":"https:\/\/as-automotive.eu\/es\/wp-json\/wp\/v2\/users\/2"}],"replies":[{"embeddable":true,"href":"https:\/\/as-automotive.eu\/es\/wp-json\/wp\/v2\/comments?post=5370"}],"version-history":[{"count":1,"href":"https:\/\/as-automotive.eu\/es\/wp-json\/wp\/v2\/pages\/5370\/revisions"}],"predecessor-version":[{"id":5978,"href":"https:\/\/as-automotive.eu\/es\/wp-json\/wp\/v2\/pages\/5370\/revisions\/5978"}],"wp:attachment":[{"href":"https:\/\/as-automotive.eu\/es\/wp-json\/wp\/v2\/media?parent=5370"}],"curies":[{"name":"wp","href":"https:\/\/api.w.org\/{rel}","templated":true}]}}